{"id":575,"date":"2024-10-11T14:44:24","date_gmt":"2024-10-11T19:44:24","guid":{"rendered":"https:\/\/rillydelievano.com\/?post_type=product&#038;p=575"},"modified":"2024-10-14T11:53:11","modified_gmt":"2024-10-14T16:53:11","slug":"cafe-tradicional","status":"publish","type":"product","link":"https:\/\/rillydelievano.com\/index.php\/producto\/cafe-tradicional\/","title":{"rendered":"Caf\u00e9 Tradicional"},"content":{"rendered":"<p>Es un caf\u00e9 con calidad preparaci\u00f3n nacional de consumo general, con tazas sanas, limpias y sabores suaves<strong>, <\/strong>recomendado para restaurantes de refil o fondas y para quienes tienen un consumo masivo.<\/p>\n<table>\n<tbody>\n<tr>\n<td><span style=\"font-weight: 400;\">Tipo De Envase<\/span><\/td>\n<td><span style=\"font-weight: 400;\">Bolsa trilaminar, sellado t\u00e9rmino y etiqueta impresi\u00f3n l\u00e1ser<\/span><\/td>\n<\/tr>\n<tr>\n<td><span style=\"font-weight: 400;\">Presentaciones Comerciales<\/span><\/td>\n<td><span style=\"font-weight: 400;\">250 Gr.\/500 Gr.\/1 Kg.<\/span><\/td>\n<\/tr>\n<tr>\n<td><span style=\"font-weight: 400;\">Zona De Producci\u00f3n<\/span><\/td>\n<td><span style=\"font-weight: 400;\">Reserva ecol\u00f3gica El Triunfo<\/span><\/td>\n<\/tr>\n<tr>\n<td><span style=\"font-weight: 400;\">Finca Productora<\/span><\/td>\n<td><span style=\"font-weight: 400;\">Finca Santa Rosa principalmente y de zonas de la reserva el triunfo<\/span><\/td>\n<\/tr>\n<tr>\n<td><span style=\"font-weight: 400;\">Municipio<\/span><\/td>\n<td><span style=\"font-weight: 400;\">La Concordia Chiapas<\/span><\/td>\n<\/tr>\n<tr>\n<td><span style=\"font-weight: 400;\">Calidad<\/span><\/td>\n<td><span style=\"font-weight: 400;\">Tradicional\/consumo nacional<\/span><\/td>\n<\/tr>\n<tr>\n<td><span style=\"font-weight: 400;\">Variedad<\/span><\/td>\n<td><span style=\"font-weight: 400;\">Ar\u00e1biga<\/span><\/td>\n<\/tr>\n<tr>\n<td><span style=\"font-weight: 400;\">Altitud<\/span><\/td>\n<td><span style=\"font-weight: 400;\">900-1200 Msnm<\/span><\/td>\n<\/tr>\n<tr>\n<td><span style=\"font-weight: 400;\">Cosecha<\/span><\/td>\n<td><span style=\"font-weight: 400;\">2022-2023<\/span><\/td>\n<\/tr>\n<tr>\n<td><span style=\"font-weight: 400;\">Tostado Con<\/span><\/td>\n<td><span style=\"font-weight: 400;\">Aire Caliente, Lecho Fluidizado<\/span><\/td>\n<\/tr>\n<tr>\n<td><span style=\"font-weight: 400;\">Nivel De Tostado<\/span><\/td>\n<td><span style=\"font-weight: 400;\">Medio alto n\u00famero 14<\/span><\/td>\n<\/tr>\n<tr>\n<td><span style=\"font-weight: 400;\">Nivel De Molido<\/span><\/td>\n<td><span style=\"font-weight: 400;\">Medio, ideal para cafeteras y percoladoras.<\/span><\/td>\n<\/tr>\n<tr>\n<td><span style=\"font-weight: 400;\">Puntaje De Cataci\u00f3n Promedio<\/span><\/td>\n<td><span style=\"font-weight: 400;\">73-75<\/span><\/td>\n<\/tr>\n<tr>\n<td><span style=\"font-weight: 400;\">Seguridad<\/span><\/td>\n<td><span style=\"font-weight: 400;\">Conserve el envase en un lugar fresco y seco.<\/span><\/p>\n<p><span style=\"font-weight: 400;\">Libre de cualquier sustancias inhibidoras, t\u00f3xicas, adulterantes y\/o residuos de drogas o medicamentos para evitar la contaminaci\u00f3n cruzada del producto.<\/span><\/td>\n<\/tr>\n<tr>\n<td><span style=\"font-weight: 400;\">Vida Del Producto Desde Fabricaci\u00f3n<\/span><\/td>\n<td><span style=\"font-weight: 400;\">12 Meses.<\/span><\/td>\n<\/tr>\n<tr>\n<td><span style=\"font-weight: 400;\">Capacidad de producci\u00f3n<\/span><\/td>\n<td><span style=\"font-weight: 400;\">5000 kilos mensuales\u00a0\u00a0<\/span><\/td>\n<\/tr>\n<tr>\n<td><span style=\"font-weight: 400;\">Adicional<\/span><\/td>\n<td><span style=\"font-weight: 400;\">\u00a0.<\/span><\/td>\n<\/tr>\n<tr>\n<td><span style=\"font-weight: 400;\">Embalaje<\/span><\/td>\n<td><span style=\"font-weight: 400;\">Caja\u00a0 De 40*40*40 ,<\/span><\/td>\n<\/tr>\n<tr>\n<td><span style=\"font-weight: 400;\">Kilos Por Caja De Embalaje<\/span><\/td>\n<td><span style=\"font-weight: 400;\">25 Kilos<\/span><\/td>\n<\/tr>\n<tr>\n<td><span style=\"font-weight: 400;\">Fracci\u00f3n Arancelaria :<\/span><\/td>\n<td><span style=\"font-weight: 400;\">09012101<\/span><\/td>\n<\/tr>\n<\/tbody>\n<\/table>\n","protected":false},"excerpt":{"rendered":"<p>Caf\u00e9 preparaci\u00f3n consumo nacional PL30,\u00a0 100% puro.<\/p>\n","protected":false},"featured_media":562,"comment_status":"open","ping_status":"closed","template":"","meta":[],"product_cat":[39],"product_tag":[],"class_list":{"0":"post-575","1":"product","2":"type-product","3":"status-publish","4":"has-post-thumbnail","6":"product_cat-cafe-de-especialidad","8":"first","9":"instock","10":"taxable","11":"shipping-taxable","12":"purchasable","13":"product-type-variable"},"jetpack_sharing_enabled":true,"_links":{"self":[{"href":"https:\/\/rillydelievano.com\/index.php\/wp-json\/wp\/v2\/product\/575"}],"collection":[{"href":"https:\/\/rillydelievano.com\/index.php\/wp-json\/wp\/v2\/product"}],"about":[{"href":"https:\/\/rillydelievano.com\/index.php\/wp-json\/wp\/v2\/types\/product"}],"replies":[{"embeddable":true,"href":"https:\/\/rillydelievano.com\/index.php\/wp-json\/wp\/v2\/comments?post=575"}],"wp:featuredmedia":[{"embeddable":true,"href":"https:\/\/rillydelievano.com\/index.php\/wp-json\/wp\/v2\/media\/562"}],"wp:attachment":[{"href":"https:\/\/rillydelievano.com\/index.php\/wp-json\/wp\/v2\/media?parent=575"}],"wp:term":[{"taxonomy":"product_cat","embeddable":true,"href":"https:\/\/rillydelievano.com\/index.php\/wp-json\/wp\/v2\/product_cat?post=575"},{"taxonomy":"product_tag","embeddable":true,"href":"https:\/\/rillydelievano.com\/index.php\/wp-json\/wp\/v2\/product_tag?post=575"}],"curies":[{"name":"wp","href":"https:\/\/api.w.org\/{rel}","templated":true}]}}